{"id":905,"date":"2020-10-15T11:49:33","date_gmt":"2020-10-15T09:49:33","guid":{"rendered":"https:\/\/www.homewatch.es\/marbella-holiday-rentals"},"modified":"2024-03-18T15:00:43","modified_gmt":"2024-03-18T14:00:43","slug":"marbella-alquiler-vacacional","status":"publish","type":"page","link":"https:\/\/www.homewatch.es\/es\/marbella-alquiler-vacacional","title":{"rendered":"Las vacaciones perfectas en Marbella con Homewatch"},"content":{"rendered":"<section class=\"hero position-relative mt-5 mt-lg-7 mt-xxl-10 wp-block-acf-herobox\">\n\t<div class=\"container-fluid max-width\">\n\t\t<div class=\"row align-items-center flex-row-reverse\">\n\t\t\t<div class=\"fadeElem col-lg-6 mb-4 mb-lg-0\">\n\t\t\t\t<figure class=\"ratio ratio-16x9\">\n\t\t\t\t\t<picture><source width=\"868\" height=\"488\" srcset=\"https:\/\/media.inmobalia.com\/imgV1\/B8vEv5Xh8DS9rnERuBEA9cCG6HyaDpGtazXt7GVmSD96uwsZF76O2oJFN4Dq5E6Kg4yW1NM2TCktg1JD0_Y8FXh8PkazxOfT9cRoTA07EGjFKTTXjov3EBtpFbhZzcbauodqlglGHrGN8QCozNu7AeIyv9UJLsIO_EuQ2CHUyYCDuUy~R1ioS3Ig5IzINmsDTzQdHGccQU~Wb7w8weaHTm1SEHKDpwjrDTSk8x4udeTURRB4vwC9bXbaygZRV_FvRr4UYw_2beKNMQ--.jpg 868w\" type=\"image\/webp\"><img fetchpriority=\"high\" decoding=\"async\" class=\"image-fit w-100 h-100\" width=\"868\" height=\"488\" src=\"https:\/\/media.inmobalia.com\/imgV1\/B8vEv5Xh8DS9rnERuBEXSoCsxmDHOjWb~TDUXqMu3izUBUQ9H1I9FiiIxqj5kf2r80LYnK_quhcLPnbvDsFq~ZANrSTeOaUg5quw0KrfZwo3KXdGrFp_6rxpk_BedJ6HnhMy5YIZ0uJbfB6UFIa57zfrS1~xyB3fzXUfXGZerSWm7Vb8u481D9kO3hD2NuesHv~yHbtq9LJOajYFgRfwfO3emkqydHd__NHeLzeLmsEBkDw5NDzCf9PQ.jpg\"><\/picture>\t\t\t\t<\/figure>\n\t\t\t<\/div>\n\t\t\t<div class=\"col-lg-6 px-xxl-7\">\n\t\t\t\t\t\t\t\t<h2>\n\t\t\t\t\t\t\t\t\t\t<span class=\"htitle text-start\">\n\t\t\t\t\t\tTus alquileres vacacionales perfectos\t\t\t\t\t<\/span>\n\t\t\t\t\tAlquileres vacacionales en Marbella, Costa del \t\t\t\t<\/h2>\n\t\t\t\t\t\t\t\t<p>En nuestra secci\u00f3n de alquileres vacacionales y mensuales en Marbella y Costa del Sol, podr\u00e1 encontrar una amplia selecci\u00f3n de villas, apartamentos, \u00e1ticos y adosados en alquiler en Marbella, Benahav\u00eds, Estepona, Mijas, Ist\u00e1n y sus alrededores.<\/p>\n<p>Especializados en alquileres vacacionales y mensuales y con una s\u00f3lida trayectoria de m\u00e1s de dos d\u00e9cadas, ofrecemos propiedades de alta gama para el confort y la excelencia de nuestros clientes en toda la Costa del Sol.<\/p>\n\t\t\t<\/div>\n\t\t<\/div>\n\t<\/div>\n<\/section>\n\n\n<section class=\"container-fluid max-width d-flex flex-column align-items-start align-items-lg-center mt-5 mt-lg-7 mt-xxl-10\">\n\t<div class=\"col-12 col-xl-10 mb-3 mb-5\">\n\t\t\t<\/div>\n\t<div class=\"f-carousel offcanvas-carousel card-images-carousel d-flex w-100\">\n\t\t<article class=\"f-carousel__slide card-image\">\n\t<figure class=\"position-relative mb-0\">\n\t\t<a class=\"d-block text-decoration-none w-100 h-100\" href=\"https:\/\/www.homewatch.es\/alquiler\/villas-y-chalets\" title=\"Villas\">\n\t\t\t<picture><source width=\"300\" height=\"400\" srcset=\"https:\/\/media.inmobalia.com\/imgV1\/B8vEv5Xh_5GuTYKbhFfe~tryEQ701Sp0ejy66XMsUMxcB3LHkDlW~LHj3BzP9L1k8w_xfIn18c8HFXQZTSs2db4WTDcM~7vX0wk3sOle0Vbzgc3WouoND5LOVIXChz8S31EoK1qLsqI-.jpg 300w\" type=\"image\/webp\"><img decoding=\"async\" class=\"image-fit\" width=\"300\" height=\"400\" src=\"https:\/\/media.inmobalia.com\/imgV1\/B8vEv5Xh_5GuTYKbhFfJYWehvaOcCG_lhebewA~gSNoVX_fusNnFNA7J6aqiY9j1lDXeeYZjupvdERxKPUgYX6GxjGQmmFL29AdcfPNy7LIkBYHFoywQpg--.jpg\"><\/picture>\t\t\t<figcaption class=\"position-relative p-4 fw-bold fs-4 text-white\">\n\t\t\t\t<h3 class=\"h4 mb-0\">Villas<\/h3>\n\t\t\t<\/figcaption>\n\t\t<\/a>\n\t<\/figure>\n<\/article>\n<article class=\"f-carousel__slide card-image\">\n\t<figure class=\"position-relative mb-0\">\n\t\t<a class=\"d-block text-decoration-none w-100 h-100\" href=\"https:\/\/www.homewatch.es\/alquiler\/apartamentos-y-pisos\" title=\"Apartamentos\">\n\t\t\t<picture><source width=\"282\" height=\"375\" srcset=\"https:\/\/media.inmobalia.com\/imgV1\/B8vEv5Xh_hV6R~ujTslyfMb3Q7YF6O5Bq5RdKOSop23lt3Wr_HcuI3LsZSOf2Y3G3ul4ernsl0jf7TZEGjkCtPsiCe8Wi8YSqoFY9U~5j8y3h7G01TLtLhB2nN44uxw-.jpg 282w\" type=\"image\/webp\"><img decoding=\"async\" class=\"image-fit\" width=\"282\" height=\"375\" src=\"https:\/\/media.inmobalia.com\/imgV1\/B8vEv5Xh_hV6R~ujTsllq7lqlA4vCc7uTZVlYLHmJ1_cMIvVI4XdbyrOYbliEx1BEfdvkepRrARnEiu~ySMdBTx5tsNl5BB6k_WD2bBt_Q--.jpg\"><\/picture>\t\t\t<figcaption class=\"position-relative p-4 fw-bold fs-4 text-white\">\n\t\t\t\t<h3 class=\"h4 mb-0\">Apartamentos<\/h3>\n\t\t\t<\/figcaption>\n\t\t<\/a>\n\t<\/figure>\n<\/article>\n<article class=\"f-carousel__slide card-image\">\n\t<figure class=\"position-relative mb-0\">\n\t\t<a class=\"d-block text-decoration-none w-100 h-100\" href=\"https:\/\/www.homewatch.es\/alquiler\/casas\" title=\"Casas y adosadas\">\n\t\t\t<picture><source width=\"300\" height=\"400\" srcset=\"https:\/\/media.inmobalia.com\/imgV1\/B8vEv5Xh_5GuTYKbhFfe~tryEQ701Sp0ejy66XMsUMxcB3LHkDlW~LHj3BzP9L1k8w_xfIn18c8HFXQZTSs2db4WTDcM~7vX0wk3sOle0Vbzgc3WouoND5LOVoevzhkV4_Tg1IXp.jpg 300w\" type=\"image\/webp\"><img loading=\"lazy\" decoding=\"async\" class=\"image-fit\" width=\"300\" height=\"400\" src=\"https:\/\/media.inmobalia.com\/imgV1\/B8vEv5Xh_5GuTYKbhFfJYWehvaOcCG_lhebewA~gSNoVX_fusNnFNA7J6aqiY9j1lDXeeYZjupvdERxKPUgYX6GxjGQmmFL29AdeySZA53XbMs0Xyeg-.jpg\"><\/picture>\t\t\t<figcaption class=\"position-relative p-4 fw-bold fs-4 text-white\">\n\t\t\t\t<h3 class=\"h4 mb-0\">Casas y adosadas<\/h3>\n\t\t\t<\/figcaption>\n\t\t<\/a>\n\t<\/figure>\n<\/article>\n<article class=\"f-carousel__slide card-image\">\n\t<figure class=\"position-relative mb-0\">\n\t\t<a class=\"d-block text-decoration-none w-100 h-100\" href=\"\/alquiler\/aticos\" title=\"\u00c1ticos\">\n\t\t\t<picture><source width=\"300\" height=\"400\" srcset=\"https:\/\/media.inmobalia.com\/imgV1\/B8vEv5Xh_5GuTYKbhFfe~tryEQ701Sp0ejy66XMsUMxcB3LHkDlW~LHj3BzP9L1k8w_xfIn18c8HFXQZTSs2db4WTDcM~7vX0wk3sOle0Vbzgc3WoujKcbIUwbcmdQv0EbYNm57jMa4aspB3KO5RbUtzxWEJNm9zCMl8GqguvKSZ7g--.jpg 300w\" type=\"image\/webp\"><img loading=\"lazy\" decoding=\"async\" class=\"image-fit\" width=\"300\" height=\"400\" src=\"https:\/\/media.inmobalia.com\/imgV1\/B8vEv5Xh_5GuTYKbhFfJYWehvaOcCG_lhebewA~gSNoVX_fusNnFNA7J6aqiY9j1lDXeeYZjupvdERxKPUgYX6GxjGQmmtzbY0Rc2N6Q4ZeuxyEcOlhhn2Kk07bffva1YMEh2Yr09Kso7cVdCdCVji9T.jpg\"><\/picture>\t\t\t<figcaption class=\"position-relative p-4 fw-bold fs-4 text-white\">\n\t\t\t\t<h3 class=\"h4 mb-0\">\u00c1ticos<\/h3>\n\t\t\t<\/figcaption>\n\t\t<\/a>\n\t<\/figure>\n<\/article>\n<article class=\"f-carousel__slide card-image\">\n\t<figure class=\"position-relative mb-0\">\n\t\t<a class=\"d-block text-decoration-none w-100 h-100\" href=\"\/alquiler\/apartamentos-en-planta-baja\" title=\"Planta Baja\">\n\t\t\t<picture><source width=\"300\" height=\"400\" srcset=\"https:\/\/media.inmobalia.com\/imgV1\/B8vEv5Xh_5GuTYKbhFfe~tryEQ701Sp0ejy66XMsUMxcB3LHkDlW~LHj3BzP9L1k8w_xfIn18c8HFXQZTSs2db4WTDcM~7vX0wk3sOle0Vbzgc3WoutsMIY9x95_mp054mqeqqnTL62S8HyifPh9huZeIdBISqgbjnldy77x3QYbjAyHt9KdArlwP8GMC5W2yg--.jpg 300w\" type=\"image\/webp\"><img loading=\"lazy\" decoding=\"async\" class=\"image-fit\" width=\"300\" height=\"400\" src=\"https:\/\/media.inmobalia.com\/imgV1\/B8vEv5Xh_5GuTYKbhFfJYWehvaOcCG_lhebewA~gSNoVX_fusNnFNA7J6aqiY9j1lDXeeYZjupvdERxKPUgYX6GxjGQmmZSbW9p4vuYQenCptQPpoepKwiKBK~rGbJeDjh8sQTEfhifQek6cBfApM5Nd8aMrhSwLSAxhz5tc5Rj7.jpg\"><\/picture>\t\t\t<figcaption class=\"position-relative p-4 fw-bold fs-4 text-white\">\n\t\t\t\t<h3 class=\"h4 mb-0\">Planta Baja<\/h3>\n\t\t\t<\/figcaption>\n\t\t<\/a>\n\t<\/figure>\n<\/article>\n\t<\/div>\n\t<\/section>\n\n\n<section class=\"container-fluid max-width d-flex flex-column align-items-start align-items-lg-center mt-5 mt-lg-7 mt-xxl-10\">\n\t<div class=\"col-12 col-xl-10 mb-3 mb-5\">\n\t\t<h2 class=\"h1 text-md-center mb-4\">\u00bfA\u00fan no sabes ad\u00f3nde ir? Consulta nuestra gu\u00eda de \u00e1reas<\/h2>\t<\/div>\n\t<div class=\"f-carousel offcanvas-carousel card-images-carousel d-flex w-100\">\n\t\t<article class=\"f-carousel__slide card-image\">\n\t<figure class=\"position-relative mb-0\">\n\t\t<a class=\"d-block text-decoration-none w-100 h-100\" href=\"\/es\/cat\/guia-de-zonas\/costa-del-sol-es\/marbella-es\" title=\"Marbella\">\n\t\t\t<picture><source width=\"300\" height=\"400\" srcset=\"https:\/\/media.inmobalia.com\/imgV1\/B8vEv5Xh_5GuTYKbhFfe~tryEQ701Sp0ejy66XMsUMxcB3LHkDlW~LHj3BzP9L1k8w_xfIn18c8HFXQZTSs2db4WTDcM~7vX0wk3sOle0Vbzgc3WouoNDsEq4Q7AN1V7v5rFDOWo.jpg 300w\" type=\"image\/webp\"><img loading=\"lazy\" decoding=\"async\" class=\"image-fit\" width=\"300\" height=\"400\" src=\"https:\/\/media.inmobalia.com\/imgV1\/B8vEv5Xh_5GuTYKbhFfJYWehvaOcCG_lhebewA~gSNoVX_fusNnFNA7J6aqiY9j1lDXeeYZjupvdERxKPUgYX6GxjGQmmFL3cow_I0VBDzbE6Z87gfI-.jpg\"><\/picture>\t\t\t<figcaption class=\"position-relative p-4 fw-bold fs-4 text-white\">\n\t\t\t\t<h3 class=\"h4 mb-0\">Marbella<\/h3>\n\t\t\t<\/figcaption>\n\t\t<\/a>\n\t<\/figure>\n<\/article>\n<article class=\"f-carousel__slide card-image\">\n\t<figure class=\"position-relative mb-0\">\n\t\t<a class=\"d-block text-decoration-none w-100 h-100\" href=\"\/es\/1000-istan-un-lugar-perfecto-para-vivir\" title=\"Ist\u00e1n\">\n\t\t\t<picture><source width=\"300\" height=\"400\" srcset=\"https:\/\/media.inmobalia.com\/imgV1\/B8vEv5Xh_5GuTYKbhFfe~tryEQ701Sp0ejy66XMsUMxcB3LHkDlW~LHj3BzP9L1k8w_xfIn18c8HFXQZTSs2db4WTDcM~7vX0wk3sOle0Vbzgc3WouoNDsEq3VlNfkPEdnSgRCoTwcHB0tjH4Lvmwu~U~AuqbLl2MQePlfN~lBaMkFWHDUHTC7PyuMGDsY7sdjg9~qQUzNFIPQeXHPDFtzIZ.jpg 300w\" type=\"image\/webp\"><img loading=\"lazy\" decoding=\"async\" class=\"image-fit\" width=\"300\" height=\"400\" src=\"https:\/\/media.inmobalia.com\/imgV1\/B8vEv5Xh_5GuTYKbhFfJYWehvaOcCG_lhebewA~gSNoVX_fusNnFNA7J6aqiY9j1lDXeeYZjupvdERxKPUgYX6GxjGQmmFL3cowCqrmE81iwQ51oTyuWmLcmh6OvO4TvH80wlg_waS5f3c0QNmFQEF3GrLvr5T5BpQyOP5Z9bYZ5yJP_puWBQCLtCu16_a4j7XM-.jpg\"><\/picture>\t\t\t<figcaption class=\"position-relative p-4 fw-bold fs-4 text-white\">\n\t\t\t\t<h3 class=\"h4 mb-0\">Ist\u00e1n<\/h3>\n\t\t\t<\/figcaption>\n\t\t<\/a>\n\t<\/figure>\n<\/article>\n<article class=\"f-carousel__slide card-image\">\n\t<figure class=\"position-relative mb-0\">\n\t\t<a class=\"d-block text-decoration-none w-100 h-100\" href=\"\/es\/998-que-visitar-en-mijas\" title=\"Mijas\">\n\t\t\t<picture><source width=\"300\" height=\"400\" srcset=\"https:\/\/media.inmobalia.com\/imgV1\/B8vEv5Xh_5GuTYKbhFfe~tryEQ701Sp0ejy66XMsUMxcB3LHkDlW~LHj3BzP9L1k8w_xfIn18c8HFXQZTSs2db4WTDcM~7vX0wk3sOle0Vbzgc3WouoNDsEqwWSgwDxK9c4~sh7xBWHYGDKKCB8FXcW6mqs-.jpg 300w\" type=\"image\/webp\"><img loading=\"lazy\" decoding=\"async\" class=\"image-fit\" width=\"300\" height=\"400\" src=\"https:\/\/media.inmobalia.com\/imgV1\/B8vEv5Xh_5GuTYKbhFfJYWehvaOcCG_lhebewA~gSNoVX_fusNnFNA7J6aqiY9j1lDXeeYZjupvdERxKPUgYX6GxjGQmmFL3coweqL0nsMwfBpV730DBbAOf5CH2VtgKcb9Vpw--.jpg\"><\/picture>\t\t\t<figcaption class=\"position-relative p-4 fw-bold fs-4 text-white\">\n\t\t\t\t<h3 class=\"h4 mb-0\">Mijas<\/h3>\n\t\t\t<\/figcaption>\n\t\t<\/a>\n\t<\/figure>\n<\/article>\n<article class=\"f-carousel__slide card-image\">\n\t<figure class=\"position-relative mb-0\">\n\t\t<a class=\"d-block text-decoration-none w-100 h-100\" href=\"\/es\/990-sotogrande-como-estilo-de-vidaoba.com\/381-sotogrande-lifestyle\" title=\"Sotogrande\">\n\t\t\t<picture><source width=\"300\" height=\"400\" srcset=\"https:\/\/media.inmobalia.com\/imgV1\/B8vEv5Xh_5GuTYKbhFfe~tryEQ701Sp0ejy66XMsUMxcB3LHkDlW~LHj3BzP9L1k8w_xfIn18c8HFXQZTSs2db4WTDcM~7vX0wk3sOle0Vbzgc3WouoNDsEq2uXQDMvEJkEhY_NlWNrdr7YV7TnE_KI-.jpg 300w\" type=\"image\/webp\"><img loading=\"lazy\" decoding=\"async\" class=\"image-fit\" width=\"300\" height=\"400\" src=\"https:\/\/media.inmobalia.com\/imgV1\/B8vEv5Xh_5GuTYKbhFfJYWehvaOcCG_lhebewA~gSNoVX_fusNnFNA7J6aqiY9j1lDXeeYZjupvdERxKPUgYX6GxjGQmmFL3cowFM4gKnfIMzK3m_iMp5ETu3Ek9Lq9OhA--.jpg\"><\/picture>\t\t\t<figcaption class=\"position-relative p-4 fw-bold fs-4 text-white\">\n\t\t\t\t<h3 class=\"h4 mb-0\">Sotogrande<\/h3>\n\t\t\t<\/figcaption>\n\t\t<\/a>\n\t<\/figure>\n<\/article>\n<article class=\"f-carousel__slide card-image\">\n\t<figure class=\"position-relative mb-0\">\n\t\t<a class=\"d-block text-decoration-none w-100 h-100\" href=\"\/es\/1002-razones-para-visitar-estepona\" title=\"Estepona\">\n\t\t\t<picture><source width=\"300\" height=\"400\" srcset=\"https:\/\/media.inmobalia.com\/imgV1\/B8vEv5Xh_5GuTYKbhFfe~tryEQ701Sp0ejy66XMsUMxcB3LHkDlW~LHj3BzP9L1k8w_xfIn18c8HFXQZTSs2db4WTDcM~7vX0wk3sOle0Vbzgc3WouoNDsEqwzuZ1uvXf8ztwVjMLUgMv64Q8xOgTFI~0718hRPs2ls9LH5t6f5L7Q--.jpg 300w\" type=\"image\/webp\"><img loading=\"lazy\" decoding=\"async\" class=\"image-fit\" width=\"300\" height=\"400\" src=\"https:\/\/media.inmobalia.com\/imgV1\/B8vEv5Xh_5GuTYKbhFfJYWehvaOcCG_lhebewA~gSNoVX_fusNnFNA7J6aqiY9j1lDXeeYZjupvdERxKPUgYX6GxjGQmmFL3cowcqssaphhgUDRc_8rW0YHeEjzs6nHRhJsfd7nkxLI23RgWIwp3rQmP.jpg\"><\/picture>\t\t\t<figcaption class=\"position-relative p-4 fw-bold fs-4 text-white\">\n\t\t\t\t<h3 class=\"h4 mb-0\">Estepona<\/h3>\n\t\t\t<\/figcaption>\n\t\t<\/a>\n\t<\/figure>\n<\/article>\n\t<\/div>\n\t<\/section>\n\n\n\t\t\t<section class=\"selection-wrapper mt-6\">\n\t\t\t\t<div class=\"container d-flex flex-column\">\n\t\t\t\t\t<div class=\"col-xl-6 mb-4 mb-lg-5\">\n\t\t\t\t\t\t\t\t\t\t\t\t\t\t\t\t\t<\/div>\n\t\t\t\t<\/div>\n\t\t\t\t<div id=\"heroCarousel\" class=\"f-carousel hero-carousel text-left\">\n\t\t\t\t\t<figure class=\"f-carousel__slide w-100\">\n\t<picture class=\"ratio ratio-22x9\"><source width=\"1310\" height=\"560\" srcset=\"https:\/\/media.inmobalia.com\/imgV1\/B8vEv5Xh_V7LwqmClcdBSTkcZJFhWpJ9p3hg97Xmes0pJdRhlnZ6sr59NkTxPb3jNO9YlcQJjCjMb7G7d1CnpiFatLW_DoOTeuzrTM6ZU5QYG4_fPPca2dePrK5y~Hr7sFZz8UUOSGJ9fZfcimhDniTw4MTFoumvrtx1DpRIb8l40e7Gmr3KXCR8giFjgbg-.jpg 1310w\" type=\"image\/webp\"><img loading=\"lazy\" decoding=\"async\" class=\"w-100 h-100 image-fit\" alt=\"Villa 4 dormitorios con piscina privada, jard\u00edn y vistas al golf en Nueva Andaluc\u00eda. A minutos de Puerto Ban\u00fas. Homewatch 24\/7.\" width=\"1310\" height=\"560\" src=\"https:\/\/media.inmobalia.com\/imgV1\/B8vEv5Xh_V7LwqmClcdBXiBqjGZOurLvJiZXSA4SyTwSZgERIKcUv8uBShAc0VPOJtsjguGDzJcwehhhIJI2Ka2ai8qEwPYJyCOxXwFRHPeezXdWuY9MbGrzybWCQ9rJ27gNWJYHh30R_rpWYtt9r~X8Gk~9sn3jXK_mxg0FOw--.jpg\"><\/picture>\t<figcaption class=\"hero-text align-end p-4\">\n\t\t\t\t<div class=\"d-flex align-items-end flex-nowrap justify-content-between\">\n\t\t\t<div class=\"d-flex flex-column\">\n\t\t\t\t<span class=\"d-block card-area\">\n\t\t\t\t\tNueva Andalucia\t\t\t\t<\/span>\n\t\t\t\t\n\n\t\t\t<div class=\"card-price d-flex flex-column\">\n\t\t<strong class=\"me-1\">Desde <span data-original-price=\"450\">450\u00a0\u20ac<\/span><span data-period> por dia <\/span><\/strong><strong class=\"me-1\"><span data-original-price=\"6500\">6.500\u00a0\u20ac<\/span><span data-period> montly rental (November-March)<\/span><\/strong>\t\t<\/div>\n\t\n\t\t\t\t<ul class=\"card-features list-unstyled d-flex flex-wrap align-items-center mb-0\">\n\t\t\t\t\t\t\t\t\t<li class=\"d-flex align-items-center me-3\">\n\t\t\t\t\t\t4 dormitorios\t\t\t\t\t<\/li>\n\t\t\t\t\t\t\t\t\t<li class=\"d-flex align-items-center me-3\">\n\t\t\t\t\t\t4 ba\u00f1os\t\t\t\t\t<\/li>\n\t\t\t\t\t\t\t\t\t<li class=\"d-flex align-items-center me-3\">\n\t\t\t\t\t\t295 m&sup2; construido\t\t\t\t\t<\/li>\n\t\t\t\t\t\t\t\t\t<li class=\"d-flex align-items-center me-3\">\n\t\t\t\t\t\t1000 m&sup2; parcela\t\t\t\t\t<\/li>\n\t\t\t\t\t\t\t<\/ul>\n\t\t\t\t<h4 class=\"card-title mb-0\">Villa 4 dormitorios con piscina privada, jard\u00edn y vistas al golf en Nueva Andaluc\u00eda. A minutos de Puerto Ban\u00fas. Homewatch 24\/7.<\/h4>\n\t\t\t<\/div>\n\t\t\n\t\t\t<a class=\"btn btn-inm mt-3\" href=\"\/alquiler\/nueva-andalucia\/villas-y-chalets\/249\">\n\t\t\t\tDetalles\t\t\t<\/a>\n\t\t<\/div>\n\t\t\n\t<\/figcaption>\n<\/figure>\t\t\t\t\t<figure class=\"f-carousel__slide w-100\">\n\t<picture class=\"ratio ratio-22x9\"><source width=\"1920\" height=\"820\" srcset=\"https:\/\/media.inmobalia.com\/imgV1\/B8vEv5Xh_VThvnEjxhD75NTxENL_gyEe7vPe48dZOyyFqlebtIyk9t9LLwj8Y4NTj5WNUf3WnXaBfHMAAV3bbqnw0irLlm3dv8jvujrkwTmotzhUTrSLdanQw9AC32QUfAxKl~nfKvSK4A3Pk6TnSu9wEqVJtU2sc7lrPa7eRlrb0H9X7eHrd718_eUfyeo-.jpg 1920w\" type=\"image\/webp\"><img loading=\"lazy\" decoding=\"async\" class=\"w-100 h-100 image-fit\" alt=\"D\u00faplex de lujo de 3 dormitorios en primera l\u00ednea con piscina climatizada en La Cala\" width=\"1920\" height=\"820\" src=\"https:\/\/media.inmobalia.com\/imgV1\/B8vEv5Xh_VThvnEjxhD78~quzr11sUhaBVZefFgpxu6I8sIlAIbFkUhZg_OemxsAzVz9fvVFTCM6GZd11mvpENiPQYl~hWlHQQ5_zOgdz3WJ_bY3CCQjtbv1rN8WuKga3pPoKTlArGK8lpvOScrFrta5S9s~T9pQPJ7_4FU_gw--.jpg\"><\/picture>\t<figcaption class=\"hero-text align-end p-4\">\n\t\t\t\t<div class=\"d-flex align-items-end flex-nowrap justify-content-between\">\n\t\t\t<div class=\"d-flex flex-column\">\n\t\t\t\t<span class=\"d-block card-area\">\n\t\t\t\t\tTorrenueva\t\t\t\t<\/span>\n\t\t\t\t\n\n\t\t\t<div class=\"card-price d-flex flex-column\">\n\t\t<strong class=\"me-1\">Desde <span data-original-price=\"210\">210\u00a0\u20ac<\/span><span data-period> por dia <\/span><\/strong>\t\t<\/div>\n\t\n\t\t\t\t<ul class=\"card-features list-unstyled d-flex flex-wrap align-items-center mb-0\">\n\t\t\t\t\t\t\t\t\t<li class=\"d-flex align-items-center me-3\">\n\t\t\t\t\t\t3 dormitorios\t\t\t\t\t<\/li>\n\t\t\t\t\t\t\t\t\t<li class=\"d-flex align-items-center me-3\">\n\t\t\t\t\t\t3 ba\u00f1os\t\t\t\t\t<\/li>\n\t\t\t\t\t\t\t\t\t<li class=\"d-flex align-items-center me-3\">\n\t\t\t\t\t\t321 m&sup2; construido\t\t\t\t\t<\/li>\n\t\t\t\t\t\t\t\t\t<li class=\"d-flex align-items-center me-3\">\n\t\t\t\t\t\t928 m&sup2; parcela\t\t\t\t\t<\/li>\n\t\t\t\t\t\t\t<\/ul>\n\t\t\t\t<h4 class=\"card-title mb-0\">D\u00faplex de lujo de 3 dormitorios en primera l\u00ednea con piscina climatizada en La Cala<\/h4>\n\t\t\t<\/div>\n\t\t\n\t\t\t<a class=\"btn btn-inm mt-3\" href=\"\/alquiler\/torrenueva\/villas-y-chalets\/240\">\n\t\t\t\tDetalles\t\t\t<\/a>\n\t\t<\/div>\n\t\t\n\t<\/figcaption>\n<\/figure>\t\t\t\t\t<figure class=\"f-carousel__slide w-100\">\n\t<picture class=\"ratio ratio-22x9\"><source width=\"1920\" height=\"820\" srcset=\"https:\/\/media.inmobalia.com\/imgV1\/B8vEv5Xh_VThvnEjxhD75NTxENL_gyEe7vPe48dZOyyFqlebtIyk9t9LLwj8Y4NTj5WNUf3WnXaBfHMAAV3bbqnw0irLlm3dv8jvujrkwTmotzhUTrSLdanQw9AC32QUfAxKkPd2~RckHpUjU3rkyCgd9F80eozaOMuit6_NXhfAADxkfY~SslR7vtkLieY-.jpg 1920w\" type=\"image\/webp\"><img loading=\"lazy\" decoding=\"async\" class=\"w-100 h-100 image-fit\" alt=\"Villa duplex de lujo con 6 dormitorios, piscina privada y vistas al golf en La Zagaleta\" width=\"1920\" height=\"820\" src=\"https:\/\/media.inmobalia.com\/imgV1\/B8vEv5Xh_VThvnEjxhD78~quzr11sUhaBVZefFgpxu6I8sIlAIbFkUhZg_OemxsAzVz9fvVFTCM6GZd11mvpENiPQYl~hWlHQQ5_zOgdz3WJ_bYwZNf6GuzkhnYm1pl0AGEzm6N7qv3RoibnWBD9aYfHInnjTflrMiLIZpblNw--.jpg\"><\/picture>\t<figcaption class=\"hero-text align-end p-4\">\n\t\t\t\t<div class=\"d-flex align-items-end flex-nowrap justify-content-between\">\n\t\t\t<div class=\"d-flex flex-column\">\n\t\t\t\t<span class=\"d-block card-area\">\n\t\t\t\t\tLa Zagaleta\t\t\t\t<\/span>\n\t\t\t\t\n\n\t\t\t<div class=\"card-price d-flex flex-column\">\n\t\t<strong class=\"me-1\">Desde <span data-original-price=\"1100\">1.100\u00a0\u20ac<\/span><span data-period> por dia <\/span><\/strong>\t\t<\/div>\n\t\n\t\t\t\t<ul class=\"card-features list-unstyled d-flex flex-wrap align-items-center mb-0\">\n\t\t\t\t\t\t\t\t\t<li class=\"d-flex align-items-center me-3\">\n\t\t\t\t\t\t6 dormitorios\t\t\t\t\t<\/li>\n\t\t\t\t\t\t\t\t\t<li class=\"d-flex align-items-center me-3\">\n\t\t\t\t\t\t6 ba\u00f1os\t\t\t\t\t<\/li>\n\t\t\t\t\t\t\t\t\t<li class=\"d-flex align-items-center me-3\">\n\t\t\t\t\t\t1519 m&sup2; construido\t\t\t\t\t<\/li>\n\t\t\t\t\t\t\t\t\t<li class=\"d-flex align-items-center me-3\">\n\t\t\t\t\t\t5840 m&sup2; parcela\t\t\t\t\t<\/li>\n\t\t\t\t\t\t\t<\/ul>\n\t\t\t\t<h4 class=\"card-title mb-0\">Villa duplex de lujo con 6 dormitorios, piscina privada y vistas al golf en La Zagaleta<\/h4>\n\t\t\t<\/div>\n\t\t\n\t\t\t<a class=\"btn btn-inm mt-3\" href=\"\/alquiler\/la-zagaleta\/villas-y-chalets\/229\">\n\t\t\t\tDetalles\t\t\t<\/a>\n\t\t<\/div>\n\t\t\n\t<\/figcaption>\n<\/figure>\t\t\t\t\t\t\t\t\t<\/div>\n\t\t\t\t\t\t\t\t<div class=\"text-center\">\n\t\t\t\t\t<a class=\"btn btn-inm mt-2 mt-lg-5\" href=\"https:\/\/www.homewatch.es\/alquiler\/villas-y-chalets\">Mas villas para alquilar<\/a>\n\t\t\t\t<\/div>\n\t\t\t\t\t\t\t<\/section>\n\t\n\n\n\n<section class=\"card-image-links container-fluid max-width d-flex flex-wrap mt-5 mt-lg-7 mt-xxl-10\">\n\t<div class=\"card-text px-lg-5 px-xxl-7\">\n\t\t<h2 class=\"h1 mb-4\">Nuestros servicios<\/h2><p class=\"mb-0\">\u00bfVienes a Marbella de vacaciones? \u00bfTienes una propiedad en la Costa del Sol y quieres sacarle el m\u00e1ximo partido? \u00bfLe gustar\u00eda comprar una propiedad nueva en Marbella y alrededores para vivir o como inversi\u00f3n? Te contamos c\u00f3mo podemos ayudarte. Homewatch Marbella cuenta con un equipo especializado en la gesti\u00f3n de propiedades. Con m\u00e1s de 40 a\u00f1os de experiencia, nuestro objetivo es tu tranquilidad, felicidad y progreso. Porque juntos somos m\u00e1s.<\/p>\n<p class=\"mb-0\">\u00bfVienes a Marbella de vacaciones? \u00bfTienes una propiedad en la Costa del Sol y quieres sacarle el m\u00e1ximo partido? \u00bfLe gustar\u00eda comprar una propiedad nueva en Marbella y alrededores para vivir o como inversi\u00f3n? Te contamos c\u00f3mo podemos ayudarte. Homewatch Marbella cuenta con un equipo especializado en la gesti\u00f3n de propiedades. Con m\u00e1s de 40 a\u00f1os de experiencia, nuestro objetivo es tu tranquilidad, felicidad y progreso. Porque juntos somos m\u00e1s.<\/p>\n\t<\/div>\n\t<article class=\"card-image\">\n\t<figure class=\"position-relative mb-0\">\n\t\t<a class=\"d-block text-decoration-none w-100 h-100\" href=\"https:\/\/www.homewatch.es\/es\/servicios\/inquilinos\" title=\"Vengo a Marbella de vacaciones\">\n\t\t\t<picture><source width=\"300\" height=\"400\" srcset=\"https:\/\/media.inmobalia.com\/imgV1\/B8vEv5Xh_5GuTYKbhFfe~tryEQ701Sp0ejy66XMsUMxcB3LHkDlW~LHj3BzP9L1k8w_xfIn18c8HFXQZTSs2db4WTDcM~7vX0wk3sOle0Vbzgc3WouoND5LOc4dr6bG2oF6gFRLkNfI~V47OSDNryOd_wh8-.jpg 300w\" type=\"image\/webp\"><img loading=\"lazy\" decoding=\"async\" class=\"image-fit\" width=\"300\" height=\"400\" src=\"https:\/\/media.inmobalia.com\/imgV1\/B8vEv5Xh_5GuTYKbhFfJYWehvaOcCG_lhebewA~gSNoVX_fusNnFNA7J6aqiY9j1lDXeeYZjupvdERxKPUgYX6GxjGQmmFL29Ad7aibMWh3pF0eH~KU~~G80T8FMm0C~o8ZJaw--.jpg\"><\/picture>\t\t\t<figcaption class=\"position-relative p-4 fw-bold fs-4 text-white\">\n\t\t\t\t<h3 class=\"h4 mb-0\">Vengo a Marbella de vacaciones<\/h3>\n\t\t\t<\/figcaption>\n\t\t<\/a>\n\t<\/figure>\n<\/article>\n<article class=\"card-image\">\n\t<figure class=\"position-relative mb-0\">\n\t\t<a class=\"d-block text-decoration-none w-100 h-100\" href=\"https:\/\/www.homewatch.es\/es\/servicios\/propietarios\/gestion-propiedades\" title=\"Soy propietario de una vivienda en Marbella y quiero obtener m\u00e1s ingresos\">\n\t\t\t<picture><source width=\"300\" height=\"400\" srcset=\"https:\/\/media.inmobalia.com\/imgV1\/B8vEv5Xh_5GuTYKbhFfe~tryEQ701Sp0ejy66XMsUMxcB3LHkDlW~LHj3BzP9L1k8w_xfIn18c8HFXQZTSs2db4WTDcM~7vX0wk3sOle0Vbzgc3WouoNDsoc8OlWV3WCVJ9Ux2df4f5rjxsS6vCpaadKfqPRMqHU73XwbLt~.jpg 300w\" type=\"image\/webp\"><img loading=\"lazy\" decoding=\"async\" class=\"image-fit\" alt=\"Playa de los Monteros, Marbella\" width=\"300\" height=\"400\" src=\"https:\/\/media.inmobalia.com\/imgV1\/B8vEv5Xh_5GuTYKbhFfJYWehvaOcCG_lhebewA~gSNoVX_fusNnFNA7J6aqiY9j1lDXeeYZjupvdERxKPUgYX6GxjGQmmFL3edV_cQpe6khokY58qtAB7o2lk147oTmnzOqt4qUIkjcx7TYppQ4-.jpg\"><\/picture>\t\t\t<figcaption class=\"position-relative p-4 fw-bold fs-4 text-white\">\n\t\t\t\t<h3 class=\"h4 mb-0\">Soy propietario de una vivienda en Marbella y quiero obtener m\u00e1s ingresos<\/h3>\n\t\t\t<\/figcaption>\n\t\t<\/a>\n\t<\/figure>\n<\/article>\n<article class=\"card-image\">\n\t<figure class=\"position-relative mb-0\">\n\t\t<a class=\"d-block text-decoration-none w-100 h-100\" href=\"https:\/\/www.homewatch.es\/es\/servicios\/propietarios\/optimice-su-inversion\" title=\"Quiero invertir y disfrutar de la inversi\u00f3n Homewatch Life en Marbella.\">\n\t\t\t<picture><source width=\"300\" height=\"400\" srcset=\"https:\/\/media.inmobalia.com\/imgV1\/B8vEv5Xh_5GuTYKbhFfe~tryEQ701Sp0ejy66XMsUMxcB3LHkDlW~LHj3BzP9L1k8w_xfIn18c8HFXQZTSs2db4WTDcM~7vX0wk3sOle0Vbzgc3WouoND5LOdn4bS_aK_KVSajZfz~YS798b28g-.jpg 300w\" type=\"image\/webp\"><img loading=\"lazy\" decoding=\"async\" class=\"image-fit\" width=\"300\" height=\"400\" src=\"https:\/\/media.inmobalia.com\/imgV1\/B8vEv5Xh_5GuTYKbhFfJYWehvaOcCG_lhebewA~gSNoVX_fusNnFNA7J6aqiY9j1lDXeeYZjupvdERxKPUgYX6GxjGQmmFL29Ad_mqfEJXi3HmhESdtuL90ShjCGOw--.jpg\"><\/picture>\t\t\t<figcaption class=\"position-relative p-4 fw-bold fs-4 text-white\">\n\t\t\t\t<h3 class=\"h4 mb-0\">Quiero invertir y disfrutar de la inversi\u00f3n Homewatch Life en Marbella.<\/h3>\n\t\t\t<\/figcaption>\n\t\t<\/a>\n\t<\/figure>\n<\/article>\n<\/section>\n\n\n<section class=\"container-fluid max-width d-flex flex-column align-items-start align-items-lg-center mt-5 mt-lg-7 mt-xxl-10\">\n\t\t<div class=\"col-xl-6 mb-4 mb-lg-5\">\n\t\t<h2 class=\"h1 text-md-center mb-4\">La Marbella que amamos: Nuestro blog.<\/h2><p class=\"text-md-center mb-0 mx-auto\">\u00danase a nosotros en un viaje por el coraz\u00f3n de Marbella, donde cada esquina cuenta una historia<\/p>\t<\/div>\n\t\t<div class=\"row w-100 row-cols-1 row-cols-md-2 row-cols-xxl-4\">\n\t\t\t\t<article class=\"col blog-item gy-4\">\n\t\t\t<div class=\"position-relative h-100 d-flex flex-column\">\n\t\t\t\t<picture class=\"ratio ratio-1x1\"><source width=\"868\" height=\"488\" srcset=\"https:\/\/media.inmobalia.com\/imgV1\/B8vEv5Xh8DS9rnERuBEA9cCG6HyaDpGtazXt7GVmSD96uwsZF76O2oJFN4Dq5E6Kg4yW1NM2TCktg1JD0_Y8FXh8PkazxOfT9cRoTA07EGjFKTTXjo1vzviw2u_aGZ2UaQ7Vpw--.jpg 868w\" type=\"image\/webp\"><img loading=\"lazy\" decoding=\"async\" class=\"image-fit\" alt=\"Cabopino\" width=\"868\" height=\"488\" src=\"https:\/\/media.inmobalia.com\/imgV1\/B8vEv5Xh8DS9rnERuBEXSoCsxmDHOjWb~TDUXqMu3izUBUQ9H1I9FiiIxqj5kf2r80LYnK_quhcLPnbvDsFq~ZANrSTeP5bNUE5LIHoVSPXE7PSi.jpg\"><\/picture>\t\t\t\t<div class=\"blog-item__text h-100 d-flex flex-column mt-4\">\n\t\t\t\t\t<h3 class=\"h6 blog-item-title mb-3\">\n\t\t\t\t\t\t<a class=\"stretched-link text-black\" href=\"https:\/\/www.homewatch.es\/es\/6921-cabopino-un-paraiso-natural-en-marbella\">Cabopino, un para\u00edso natural extraordinario en Marbella<\/a>\n\t\t\t\t\t<\/h3>\n\t\t\t\t\t\t\t\t\t\t<span class=\"btn btn-link align-self-start fw-bold p-0\">Leer m\u00e1s<\/span>\n\t\t\t\t<\/div>\n\t\t\t<\/div>\n\t\t<\/article>\n\t\t\t\t<article class=\"col blog-item gy-4\">\n\t\t\t<div class=\"position-relative h-100 d-flex flex-column\">\n\t\t\t\t<picture class=\"ratio ratio-1x1\"><source width=\"868\" height=\"488\" srcset=\"https:\/\/media.inmobalia.com\/imgV1\/B8vEv5Xh8DS9rnERuBEA9cCG6HyaDpGtazXt7GVmSD96uwsZF76O2oJFN4Dq5E6Kg4yW1NM2TCktg1JD0_Y8FXh8PkazxOfT9cRoTA07EGjFKTTXjo1vzvn_xTN2LXRUUc3NxJH3oRoSmY1Nxe_PNihv.png 868w\" type=\"image\/webp\"><img loading=\"lazy\" decoding=\"async\" class=\"image-fit\" width=\"868\" height=\"488\" src=\"https:\/\/media.inmobalia.com\/imgV1\/B8vEv5Xh8DS9rnERuBEA9cCG7NDYXkwUOOGQoqjCU9qryamW1RSk~g4oZYxSA9SsRM2jSFmtPk5ATSZNeQ2SUohtR6i~horAPPmcl8O3pYmwXqZWdlI98vqpzb4TW7bmwUU5cE4GGcpqGDo-.png\"><\/picture>\t\t\t\t<div class=\"blog-item__text h-100 d-flex flex-column mt-4\">\n\t\t\t\t\t<h3 class=\"h6 blog-item-title mb-3\">\n\t\t\t\t\t\t<a class=\"stretched-link text-black\" href=\"https:\/\/www.homewatch.es\/es\/6869-nomadas-digitales-en-espana\">N\u00f3madas digitales en Espa\u00f1a: vivir, trabajar y disfrutar en la Costa del Sol<\/a>\n\t\t\t\t\t<\/h3>\n\t\t\t\t\t\t\t\t\t\t<span class=\"btn btn-link align-self-start fw-bold p-0\">Leer m\u00e1s<\/span>\n\t\t\t\t<\/div>\n\t\t\t<\/div>\n\t\t<\/article>\n\t\t\t\t<article class=\"col blog-item gy-4\">\n\t\t\t<div class=\"position-relative h-100 d-flex flex-column\">\n\t\t\t\t<picture class=\"ratio ratio-1x1\"><source width=\"868\" height=\"488\" srcset=\"https:\/\/media.inmobalia.com\/imgV1\/B8vEv5Xh8DS9rnERuBEA9cCG6HyaDpGtazXt7GVmSD96uwsZF76O2oJFN4Dq5E6Kg4yW1NM2TCktg1JD0_Y8FXh8PkazxOfT9cRoTA07EGjFKTTXjo1vzvn_l7ETzO5V.png 868w\" type=\"image\/webp\"><img loading=\"lazy\" decoding=\"async\" class=\"image-fit\" width=\"868\" height=\"488\" src=\"https:\/\/media.inmobalia.com\/imgV1\/B8vEv5Xh8DS9rnERuBEA9cCG7NDYXkwUOOGQoqjCU9qryamW1RSk~g4oZYxSA9SsRM2jSFmtPk5ATSZNeQ2SUohtR6i~horAPPmcl8O3pYmwXqYEdu6AdvA-.png\"><\/picture>\t\t\t\t<div class=\"blog-item__text h-100 d-flex flex-column mt-4\">\n\t\t\t\t\t<h3 class=\"h6 blog-item-title mb-3\">\n\t\t\t\t\t\t<a class=\"stretched-link text-black\" href=\"https:\/\/www.homewatch.es\/es\/6846-vender-o-alquilar-2\">\u00bfVender o alquilar una vivienda en la Costa del Sol?<\/a>\n\t\t\t\t\t<\/h3>\n\t\t\t\t\t\t\t\t\t\t<span class=\"btn btn-link align-self-start fw-bold p-0\">Leer m\u00e1s<\/span>\n\t\t\t\t<\/div>\n\t\t\t<\/div>\n\t\t<\/article>\n\t\t\t\t<article class=\"col blog-item gy-4\">\n\t\t\t<div class=\"position-relative h-100 d-flex flex-column\">\n\t\t\t\t<picture class=\"ratio ratio-1x1\"><source width=\"868\" height=\"488\" srcset=\"https:\/\/media.inmobalia.com\/imgV1\/B8vEv5Xh8DS9rnERuBEA9cCG6HyaDpGtazXt7GVmSD96uwsZF76O2oJFN4Dq5E6Kg4yW1NM2TCktg1JD0_Y8FXh8PkazxOfT9cRoTA07EGjFKTTXjo1vzvn_xTN2LXRUUc3NxJH3oRoSmY1NxlQ1hw--.png 868w\" type=\"image\/webp\"><img loading=\"lazy\" decoding=\"async\" class=\"image-fit\" width=\"868\" height=\"488\" src=\"https:\/\/media.inmobalia.com\/imgV1\/B8vEv5Xh8DS9rnERuBEA9cCG7NDYXkwUOOGQoqjCU9qryamW1RSk~g4oZYxSA9SsRM2jSFmtPk5ATSZNeQ2SUohtR6i~horAPPmcl8O3pYmwXqZWdlI98vqpzb4TW7bmwUU5cE4F_vZH.png\"><\/picture>\t\t\t\t<div class=\"blog-item__text h-100 d-flex flex-column mt-4\">\n\t\t\t\t\t<h3 class=\"h6 blog-item-title mb-3\">\n\t\t\t\t\t\t<a class=\"stretched-link text-black\" href=\"https:\/\/www.homewatch.es\/es\/6826-almazara-boutique-residences-2\">Almazara Boutique Residences: inversi\u00f3n inmobiliaria en la Costa del Sol<\/a>\n\t\t\t\t\t<\/h3>\n\t\t\t\t\t\t\t\t\t\t<span class=\"btn btn-link align-self-start fw-bold p-0\">Leer m\u00e1s<\/span>\n\t\t\t\t<\/div>\n\t\t\t<\/div>\n\t\t<\/article>\n\t\t\t<\/div>\n\t\t<a class=\"btn btn-inm mt-4 mt-lg-5\" href=\"https:\/\/www.homewatch.es\/es\/blog\">Lee nuestro Blog<\/a>\n\t<\/section>\n","protected":false},"excerpt":{"rendered":"","protected":false},"author":2,"featured_media":3553,"parent":0,"menu_order":1,"comment_status":"closed","ping_status":"closed","template":"template-pages\/page-landing.php","meta":{"_acf_changed":true,"footnotes":""},"class_list":["post-905","page","type-page","status-publish","has-post-thumbnail","hentry"],"acf":[],"_links":{"self":[{"href":"https:\/\/www.homewatch.es\/es\/wp-json\/wp\/v2\/pages\/905","targetHints":{"allow":["GET"]}}],"collection":[{"href":"https:\/\/www.homewatch.es\/es\/wp-json\/wp\/v2\/pages"}],"about":[{"href":"https:\/\/www.homewatch.es\/es\/wp-json\/wp\/v2\/types\/page"}],"author":[{"embeddable":true,"href":"https:\/\/www.homewatch.es\/es\/wp-json\/wp\/v2\/users\/2"}],"replies":[{"embeddable":true,"href":"https:\/\/www.homewatch.es\/es\/wp-json\/wp\/v2\/comments?post=905"}],"version-history":[{"count":0,"href":"https:\/\/www.homewatch.es\/es\/wp-json\/wp\/v2\/pages\/905\/revisions"}],"wp:featuredmedia":[{"embeddable":true,"href":"https:\/\/www.homewatch.es\/es\/wp-json\/wp\/v2\/media\/3553"}],"wp:attachment":[{"href":"https:\/\/www.homewatch.es\/es\/wp-json\/wp\/v2\/media?parent=905"}],"curies":[{"name":"wp","href":"https:\/\/api.w.org\/{rel}","templated":true}]}}