{"id":1406,"date":"2020-10-15T11:49:33","date_gmt":"2020-10-15T09:49:33","guid":{"rendered":"https:\/\/www.homewatch.es\/marbella-holiday-rentals"},"modified":"2024-03-18T14:57:21","modified_gmt":"2024-03-18T13:57:21","slug":"der-perfekte-urlaub-in-marbella-mit-homewatch","status":"publish","type":"page","link":"https:\/\/www.homewatch.es\/de\/der-perfekte-urlaub-in-marbella-mit-homewatch","title":{"rendered":"Der perfekte Urlaub in Marbella mit Homewatch"},"content":{"rendered":"<section class=\"hero position-relative mt-5 mt-lg-7 mt-xxl-10 wp-block-acf-herobox\">\n\t<div class=\"container-fluid max-width\">\n\t\t<div class=\"row align-items-center flex-row-reverse\">\n\t\t\t<div class=\"fadeElem col-lg-6 mb-4 mb-lg-0\">\n\t\t\t\t<figure class=\"ratio ratio-16x9\">\n\t\t\t\t\t<picture><source width=\"868\" height=\"488\" srcset=\"https:\/\/media.inmobalia.com\/imgV1\/B8vEv5Xh8DS9rnERuBEA9cCG6HyaDpGtazXt7GVmSD96uwsZF76O2oJFN4Dq5E6Kg4yW1NM2TCktg1JD0_Y8FXh8PkazxOfT9cRoTA07EGjFKTTXjov3EBtpFbhZzcbauodqlglGHrGN8QCozNu7AeIyv9UJLsIO_EuQ2CHUyYCDuUy~R1ioS3Ig5IzINmsDTzQdHGccQU~Wb7w8weaHTm1SEHKDpwjrDTSk8x4udeTURRB4vwC9bXbaygZRV_FvRr4UYw_2beKNMQ--.jpg 868w\" type=\"image\/webp\"><img fetchpriority=\"high\" decoding=\"async\" class=\"image-fit w-100 h-100\" width=\"868\" height=\"488\" src=\"https:\/\/media.inmobalia.com\/imgV1\/B8vEv5Xh8DS9rnERuBEXSoCsxmDHOjWb~TDUXqMu3izUBUQ9H1I9FiiIxqj5kf2r80LYnK_quhcLPnbvDsFq~ZANrSTeOaUg5quw0KrfZwo3KXdGrFp_6rxpk_BedJ6HnhMy5YIZ0uJbfB6UFIa57zfrS1~xyB3fzXUfXGZerSWm7Vb8u481D9kO3hD2NuesHv~yHbtq9LJOajYFgRfwfO3emkqydHd__NHeLzeLmsEBkDw5NDzCf9PQ.jpg\"><\/picture>\t\t\t\t<\/figure>\n\t\t\t<\/div>\n\t\t\t<div class=\"col-lg-6 px-xxl-7\">\n\t\t\t\t\t\t\t\t<h2>\n\t\t\t\t\t\t\t\t\t\t<span class=\"htitle text-start\">\n\t\t\t\t\t\tIhre perfekten Ferienvermietungen\t\t\t\t\t<\/span>\n\t\t\t\t\tFerienvermietungen in Marbella, Costa del Sol\t\t\t\t<\/h2>\n\t\t\t\t\t\t\t\t<p>In unserer Rubrik f\u00fcr Ferien- und Monatsmieten in Marbella und an der Costa del Sol finden Sie eine gro\u00dfe Auswahl an Villen, Apartments, Penth\u00e4usern und Stadth\u00e4usern zur Miete in Marbella, Benahav\u00eds, Estepona, Mijas, Ist\u00e1n und Umgebung.<\/p>\n<p>Spezialisiert auf Ferien- und Monatsmieten und mit einer soliden Erfolgsbilanz von mehr als zwei Jahrzehnten bieten wir erstklassige Immobilien f\u00fcr den Komfort und die Exzellenz unserer Kunden an der gesamten Costa del Sol an.<\/p>\n\t\t\t<\/div>\n\t\t<\/div>\n\t<\/div>\n<\/section>\n\n\n<section class=\"container-fluid max-width d-flex flex-column align-items-start align-items-lg-center mt-5 mt-lg-7 mt-xxl-10\">\n\t<div class=\"col-12 col-xl-10 mb-3 mb-5\">\n\t\t\t<\/div>\n\t<div class=\"f-carousel offcanvas-carousel card-images-carousel d-flex w-100\">\n\t\t<article class=\"f-carousel__slide card-image\">\n\t<figure class=\"position-relative mb-0\">\n\t\t<a class=\"d-block text-decoration-none w-100 h-100\" href=\"https:\/\/www.homewatch.es\/vermietungen\/villen\" title=\" Villen\">\n\t\t\t<picture><source width=\"300\" height=\"400\" srcset=\"https:\/\/media.inmobalia.com\/imgV1\/B8vEv5Xh_5GuTYKbhFfe~tryEQ701Sp0ejy66XMsUMxcB3LHkDlW~LHj3BzP9L1k8w_xfIn18c8HFXQZTSs2db4WTDcM~7vX0wk3sOle0Vbzgc3WouoND5LOVIXChz8S31EoK1qLsqI-.jpg 300w\" type=\"image\/webp\"><img decoding=\"async\" class=\"image-fit\" width=\"300\" height=\"400\" src=\"https:\/\/media.inmobalia.com\/imgV1\/B8vEv5Xh_5GuTYKbhFfJYWehvaOcCG_lhebewA~gSNoVX_fusNnFNA7J6aqiY9j1lDXeeYZjupvdERxKPUgYX6GxjGQmmFL29AdcfPNy7LIkBYHFoywQpg--.jpg\"><\/picture>\t\t\t<figcaption class=\"position-relative p-4 fw-bold fs-4 text-white\">\n\t\t\t\t<h3 class=\"h4 mb-0\"> Villen<\/h3>\n\t\t\t<\/figcaption>\n\t\t<\/a>\n\t<\/figure>\n<\/article>\n<article class=\"f-carousel__slide card-image\">\n\t<figure class=\"position-relative mb-0\">\n\t\t<a class=\"d-block text-decoration-none w-100 h-100\" href=\"https:\/\/www.homewatch.es\/vermietungen\/wohnungen\" title=\"Appartements\">\n\t\t\t<picture><source width=\"282\" height=\"375\" srcset=\"https:\/\/media.inmobalia.com\/imgV1\/B8vEv5Xh_hV6R~ujTslyfMb3Q7YF6O5Bq5RdKOSop23lt3Wr_HcuI3LsZSOf2Y3G3ul4ernsl0jf7TZEGjkCtPsiCe8Wi8YSqoFY9U~5j8y3h7G01TLtLhB2nN44uxw-.jpg 282w\" type=\"image\/webp\"><img decoding=\"async\" class=\"image-fit\" width=\"282\" height=\"375\" src=\"https:\/\/media.inmobalia.com\/imgV1\/B8vEv5Xh_hV6R~ujTsllq7lqlA4vCc7uTZVlYLHmJ1_cMIvVI4XdbyrOYbliEx1BEfdvkepRrARnEiu~ySMdBTx5tsNl5BB6k_WD2bBt_Q--.jpg\"><\/picture>\t\t\t<figcaption class=\"position-relative p-4 fw-bold fs-4 text-white\">\n\t\t\t\t<h3 class=\"h4 mb-0\">Appartements<\/h3>\n\t\t\t<\/figcaption>\n\t\t<\/a>\n\t<\/figure>\n<\/article>\n<article class=\"f-carousel__slide card-image\">\n\t<figure class=\"position-relative mb-0\">\n\t\t<a class=\"d-block text-decoration-none w-100 h-100\" href=\"https:\/\/www.homewatch.es\/vermietungen\/hauser\" title=\"H\u00e4user & Stadth\u00e4user\">\n\t\t\t<picture><source width=\"300\" height=\"400\" srcset=\"https:\/\/media.inmobalia.com\/imgV1\/B8vEv5Xh_5GuTYKbhFfe~tryEQ701Sp0ejy66XMsUMxcB3LHkDlW~LHj3BzP9L1k8w_xfIn18c8HFXQZTSs2db4WTDcM~7vX0wk3sOle0Vbzgc3WouoND5LOVoevzhkV4_Tg1IXp.jpg 300w\" type=\"image\/webp\"><img loading=\"lazy\" decoding=\"async\" class=\"image-fit\" width=\"300\" height=\"400\" src=\"https:\/\/media.inmobalia.com\/imgV1\/B8vEv5Xh_5GuTYKbhFfJYWehvaOcCG_lhebewA~gSNoVX_fusNnFNA7J6aqiY9j1lDXeeYZjupvdERxKPUgYX6GxjGQmmFL29AdeySZA53XbMs0Xyeg-.jpg\"><\/picture>\t\t\t<figcaption class=\"position-relative p-4 fw-bold fs-4 text-white\">\n\t\t\t\t<h3 class=\"h4 mb-0\">H\u00e4user & Stadth\u00e4user<\/h3>\n\t\t\t<\/figcaption>\n\t\t<\/a>\n\t<\/figure>\n<\/article>\n<article class=\"f-carousel__slide card-image\">\n\t<figure class=\"position-relative mb-0\">\n\t\t<a class=\"d-block text-decoration-none w-100 h-100\" href=\"https:\/\/www.homewatch.es\/vermietungen\/penthauser\" title=\"Penth\u00e4user\">\n\t\t\t<picture><source width=\"300\" height=\"400\" srcset=\"https:\/\/media.inmobalia.com\/imgV1\/B8vEv5Xh_5GuTYKbhFfe~tryEQ701Sp0ejy66XMsUMxcB3LHkDlW~LHj3BzP9L1k8w_xfIn18c8HFXQZTSs2db4WTDcM~7vX0wk3sOle0Vbzgc3WoujKcbIUwbcmdQv0EbYNm57jMa4aspB3KO5RbUtzxWEJNm9zCMl8GqguvKSZ7g--.jpg 300w\" type=\"image\/webp\"><img loading=\"lazy\" decoding=\"async\" class=\"image-fit\" width=\"300\" height=\"400\" src=\"https:\/\/media.inmobalia.com\/imgV1\/B8vEv5Xh_5GuTYKbhFfJYWehvaOcCG_lhebewA~gSNoVX_fusNnFNA7J6aqiY9j1lDXeeYZjupvdERxKPUgYX6GxjGQmmtzbY0Rc2N6Q4ZeuxyEcOlhhn2Kk07bffva1YMEh2Yr09Kso7cVdCdCVji9T.jpg\"><\/picture>\t\t\t<figcaption class=\"position-relative p-4 fw-bold fs-4 text-white\">\n\t\t\t\t<h3 class=\"h4 mb-0\">Penth\u00e4user<\/h3>\n\t\t\t<\/figcaption>\n\t\t<\/a>\n\t<\/figure>\n<\/article>\n<article class=\"f-carousel__slide card-image\">\n\t<figure class=\"position-relative mb-0\">\n\t\t<a class=\"d-block text-decoration-none w-100 h-100\" href=\"https:\/\/www.homewatch.es\/vermietungen\/erdgeschosswohnungen\" title=\"Erdgeschosswohnungen\">\n\t\t\t<picture><source width=\"300\" height=\"400\" srcset=\"https:\/\/media.inmobalia.com\/imgV1\/B8vEv5Xh_5GuTYKbhFfe~tryEQ701Sp0ejy66XMsUMxcB3LHkDlW~LHj3BzP9L1k8w_xfIn18c8HFXQZTSs2db4WTDcM~7vX0wk3sOle0Vbzgc3WoutsMIY9x95_mp054mqeqqnTL62S8HyifPh9huZeIdBISqgbjnldy77x3QYbjAyHt9KdArlwP8GMC5W2yg--.jpg 300w\" type=\"image\/webp\"><img loading=\"lazy\" decoding=\"async\" class=\"image-fit\" width=\"300\" height=\"400\" src=\"https:\/\/media.inmobalia.com\/imgV1\/B8vEv5Xh_5GuTYKbhFfJYWehvaOcCG_lhebewA~gSNoVX_fusNnFNA7J6aqiY9j1lDXeeYZjupvdERxKPUgYX6GxjGQmmZSbW9p4vuYQenCptQPpoepKwiKBK~rGbJeDjh8sQTEfhifQek6cBfApM5Nd8aMrhSwLSAxhz5tc5Rj7.jpg\"><\/picture>\t\t\t<figcaption class=\"position-relative p-4 fw-bold fs-4 text-white\">\n\t\t\t\t<h3 class=\"h4 mb-0\">Erdgeschosswohnungen<\/h3>\n\t\t\t<\/figcaption>\n\t\t<\/a>\n\t<\/figure>\n<\/article>\n\t<\/div>\n\t<\/section>\n\n\n<section class=\"container-fluid max-width d-flex flex-column align-items-start align-items-lg-center mt-5 mt-lg-7 mt-xxl-10\">\n\t<div class=\"col-12 col-xl-10 mb-3 mb-5\">\n\t\t<h2 class=\"h1 text-md-center mb-4\"> Sie wissen noch nicht, wohin Sie gehen sollen? \u00dcberpr\u00fcfen Sie unsere Gebietsf\u00fchrer.<\/h2>\t<\/div>\n\t<div class=\"f-carousel offcanvas-carousel card-images-carousel d-flex w-100\">\n\t\t<article class=\"f-carousel__slide card-image\">\n\t<figure class=\"position-relative mb-0\">\n\t\t<a class=\"d-block text-decoration-none w-100 h-100\" href=\"https:\/\/www.homewatch.es\/de\/cat\/schluesselbereiche\/costa-del-sol-de\/marbella-de\" title=\"Marbella\">\n\t\t\t<picture><source width=\"300\" height=\"400\" srcset=\"https:\/\/media.inmobalia.com\/imgV1\/B8vEv5Xh_5GuTYKbhFfe~tryEQ701Sp0ejy66XMsUMxcB3LHkDlW~LHj3BzP9L1k8w_xfIn18c8HFXQZTSs2db4WTDcM~7vX0wk3sOle0Vbzgc3WouoNDsEq4Q7AN1V7v5rFDOWo.jpg 300w\" type=\"image\/webp\"><img loading=\"lazy\" decoding=\"async\" class=\"image-fit\" width=\"300\" height=\"400\" src=\"https:\/\/media.inmobalia.com\/imgV1\/B8vEv5Xh_5GuTYKbhFfJYWehvaOcCG_lhebewA~gSNoVX_fusNnFNA7J6aqiY9j1lDXeeYZjupvdERxKPUgYX6GxjGQmmFL3cow_I0VBDzbE6Z87gfI-.jpg\"><\/picture>\t\t\t<figcaption class=\"position-relative p-4 fw-bold fs-4 text-white\">\n\t\t\t\t<h3 class=\"h4 mb-0\">Marbella<\/h3>\n\t\t\t<\/figcaption>\n\t\t<\/a>\n\t<\/figure>\n<\/article>\n<article class=\"f-carousel__slide card-image\">\n\t<figure class=\"position-relative mb-0\">\n\t\t<a class=\"d-block text-decoration-none w-100 h-100\" href=\"https:\/\/www.homewatch.es\/433-istan-a-perfect-place-to-live\" title=\"Ist\u00e1n\">\n\t\t\t<picture><source width=\"300\" height=\"400\" srcset=\"https:\/\/media.inmobalia.com\/imgV1\/B8vEv5Xh_5GuTYKbhFfe~tryEQ701Sp0ejy66XMsUMxcB3LHkDlW~LHj3BzP9L1k8w_xfIn18c8HFXQZTSs2db4WTDcM~7vX0wk3sOle0Vbzgc3WouoNDsEq3VlNfkPEdnSgRCoTwcHB0tjH4Lvmwu~U~AuqbLl2MQePlfN~lBaMkFWHDUHTC7PyuMGDsY7sdjg9~qQUzNFIPQeXHPDFtzIZ.jpg 300w\" type=\"image\/webp\"><img loading=\"lazy\" decoding=\"async\" class=\"image-fit\" width=\"300\" height=\"400\" src=\"https:\/\/media.inmobalia.com\/imgV1\/B8vEv5Xh_5GuTYKbhFfJYWehvaOcCG_lhebewA~gSNoVX_fusNnFNA7J6aqiY9j1lDXeeYZjupvdERxKPUgYX6GxjGQmmFL3cowCqrmE81iwQ51oTyuWmLcmh6OvO4TvH80wlg_waS5f3c0QNmFQEF3GrLvr5T5BpQyOP5Z9bYZ5yJP_puWBQCLtCu16_a4j7XM-.jpg\"><\/picture>\t\t\t<figcaption class=\"position-relative p-4 fw-bold fs-4 text-white\">\n\t\t\t\t<h3 class=\"h4 mb-0\">Ist\u00e1n<\/h3>\n\t\t\t<\/figcaption>\n\t\t<\/a>\n\t<\/figure>\n<\/article>\n<article class=\"f-carousel__slide card-image\">\n\t<figure class=\"position-relative mb-0\">\n\t\t<a class=\"d-block text-decoration-none w-100 h-100\" href=\"https:\/\/www.homewatch.es\/430-what-to-visit-in-mijas\" title=\"Mijas\">\n\t\t\t<picture><source width=\"300\" height=\"400\" srcset=\"https:\/\/media.inmobalia.com\/imgV1\/B8vEv5Xh_5GuTYKbhFfe~tryEQ701Sp0ejy66XMsUMxcB3LHkDlW~LHj3BzP9L1k8w_xfIn18c8HFXQZTSs2db4WTDcM~7vX0wk3sOle0Vbzgc3WouoNDsEqwWSgwDxK9c4~sh7xBWHYGDKKCB8FXcW6mqs-.jpg 300w\" type=\"image\/webp\"><img loading=\"lazy\" decoding=\"async\" class=\"image-fit\" width=\"300\" height=\"400\" src=\"https:\/\/media.inmobalia.com\/imgV1\/B8vEv5Xh_5GuTYKbhFfJYWehvaOcCG_lhebewA~gSNoVX_fusNnFNA7J6aqiY9j1lDXeeYZjupvdERxKPUgYX6GxjGQmmFL3coweqL0nsMwfBpV730DBbAOf5CH2VtgKcb9Vpw--.jpg\"><\/picture>\t\t\t<figcaption class=\"position-relative p-4 fw-bold fs-4 text-white\">\n\t\t\t\t<h3 class=\"h4 mb-0\">Mijas<\/h3>\n\t\t\t<\/figcaption>\n\t\t<\/a>\n\t<\/figure>\n<\/article>\n<article class=\"f-carousel__slide card-image\">\n\t<figure class=\"position-relative mb-0\">\n\t\t<a class=\"d-block text-decoration-none w-100 h-100\" href=\"https:\/\/www.homewatch.es\/381-sotogrande-lifestyle\" title=\"Sotogrande\">\n\t\t\t<picture><source width=\"300\" height=\"400\" srcset=\"https:\/\/media.inmobalia.com\/imgV1\/B8vEv5Xh_5GuTYKbhFfe~tryEQ701Sp0ejy66XMsUMxcB3LHkDlW~LHj3BzP9L1k8w_xfIn18c8HFXQZTSs2db4WTDcM~7vX0wk3sOle0Vbzgc3WouoNDsEq2uXQDMvEJkEhY_NlWNrdr7YV7TnE_KI-.jpg 300w\" type=\"image\/webp\"><img loading=\"lazy\" decoding=\"async\" class=\"image-fit\" width=\"300\" height=\"400\" src=\"https:\/\/media.inmobalia.com\/imgV1\/B8vEv5Xh_5GuTYKbhFfJYWehvaOcCG_lhebewA~gSNoVX_fusNnFNA7J6aqiY9j1lDXeeYZjupvdERxKPUgYX6GxjGQmmFL3cowFM4gKnfIMzK3m_iMp5ETu3Ek9Lq9OhA--.jpg\"><\/picture>\t\t\t<figcaption class=\"position-relative p-4 fw-bold fs-4 text-white\">\n\t\t\t\t<h3 class=\"h4 mb-0\">Sotogrande<\/h3>\n\t\t\t<\/figcaption>\n\t\t<\/a>\n\t<\/figure>\n<\/article>\n<article class=\"f-carousel__slide card-image\">\n\t<figure class=\"position-relative mb-0\">\n\t\t<a class=\"d-block text-decoration-none w-100 h-100\" href=\"https:\/\/www.homewatch.es\/436-reasons-to-visit-estepona\" title=\"Estepona\">\n\t\t\t<picture><source width=\"300\" height=\"400\" srcset=\"https:\/\/media.inmobalia.com\/imgV1\/B8vEv5Xh_5GuTYKbhFfe~tryEQ701Sp0ejy66XMsUMxcB3LHkDlW~LHj3BzP9L1k8w_xfIn18c8HFXQZTSs2db4WTDcM~7vX0wk3sOle0Vbzgc3WouoNDsEqwzuZ1uvXf8ztwVjMLUgMv64Q8xOgTFI~0718hRPs2ls9LH5t6f5L7Q--.jpg 300w\" type=\"image\/webp\"><img loading=\"lazy\" decoding=\"async\" class=\"image-fit\" width=\"300\" height=\"400\" src=\"https:\/\/media.inmobalia.com\/imgV1\/B8vEv5Xh_5GuTYKbhFfJYWehvaOcCG_lhebewA~gSNoVX_fusNnFNA7J6aqiY9j1lDXeeYZjupvdERxKPUgYX6GxjGQmmFL3cowcqssaphhgUDRc_8rW0YHeEjzs6nHRhJsfd7nkxLI23RgWIwp3rQmP.jpg\"><\/picture>\t\t\t<figcaption class=\"position-relative p-4 fw-bold fs-4 text-white\">\n\t\t\t\t<h3 class=\"h4 mb-0\">Estepona<\/h3>\n\t\t\t<\/figcaption>\n\t\t<\/a>\n\t<\/figure>\n<\/article>\n\t<\/div>\n\t<\/section>\n\n\n\t\t\t<section class=\"selection-wrapper mt-6\">\n\t\t\t\t<div class=\"container d-flex flex-column\">\n\t\t\t\t\t<div class=\"col-xl-6 mb-4 mb-lg-5\">\n\t\t\t\t\t\t\t\t\t\t\t\t\t\t\t\t\t<\/div>\n\t\t\t\t<\/div>\n\t\t\t\t<div id=\"heroCarousel\" class=\"f-carousel hero-carousel text-left\">\n\t\t\t\t\t<figure class=\"f-carousel__slide w-100\">\n\t<picture class=\"ratio ratio-22x9\"><source width=\"1310\" height=\"560\" srcset=\"https:\/\/media.inmobalia.com\/imgV1\/B8vEv5Xh_V7LwqmClcdBSTkcZJFhWpJ9p3hg97Xmes0pJdRhlnZ6sr59NkTxPb3jNO9YlcQJjCjMb7G7d1CnpiFatLW_DoOTeuzrTM6ZU5QYG4_fPPca2dePrK5y~Hr7sFZz8UUOSGJ9fZfcimhDniTw4MTFoumvrtx1DpRIb8l40e7Gmr3KXCR8giFjgbg-.jpg 1310w\" type=\"image\/webp\"><img loading=\"lazy\" decoding=\"async\" class=\"w-100 h-100 image-fit\" alt=\"4-Zimmer-Villa mit Privatpool, Garten und Golfblick in Nueva Andaluc\u00eda. Minuten von Puerto Ban\u00fas. Homewatch 24\/7.\" width=\"1310\" height=\"560\" src=\"https:\/\/media.inmobalia.com\/imgV1\/B8vEv5Xh_V7LwqmClcdBXiBqjGZOurLvJiZXSA4SyTwSZgERIKcUv8uBShAc0VPOJtsjguGDzJcwehhhIJI2Ka2ai8qEwPYJyCOxXwFRHPeezXdWuY9MbGrzybWCQ9rJ27gNWJYHh30R_rpWYtt9r~X8Gk~9sn3jXK_mxg0FOw--.jpg\"><\/picture>\t<figcaption class=\"hero-text align-end p-4\">\n\t\t\t\t<div class=\"d-flex align-items-end flex-nowrap justify-content-between\">\n\t\t\t<div class=\"d-flex flex-column\">\n\t\t\t\t<span class=\"d-block card-area\">\n\t\t\t\t\tNueva Andalucia\t\t\t\t<\/span>\n\t\t\t\t\n\n\t\t\t<div class=\"card-price d-flex flex-column\">\n\t\t<strong class=\"me-1\">Von <span data-original-price=\"450\">450\u00a0\u20ac<\/span><span data-period> pro tag <\/span><\/strong><strong class=\"me-1\"><span data-original-price=\"6500\">6.500\u00a0\u20ac<\/span><span data-period> montly rental (November-March)<\/span><\/strong>\t\t<\/div>\n\t\n\t\t\t\t<ul class=\"card-features list-unstyled d-flex flex-wrap align-items-center mb-0\">\n\t\t\t\t\t\t\t\t\t<li class=\"d-flex align-items-center me-3\">\n\t\t\t\t\t\t4 Schlafzimmer\t\t\t\t\t<\/li>\n\t\t\t\t\t\t\t\t\t<li class=\"d-flex align-items-center me-3\">\n\t\t\t\t\t\t4 Badezimmer\t\t\t\t\t<\/li>\n\t\t\t\t\t\t\t\t\t<li class=\"d-flex align-items-center me-3\">\n\t\t\t\t\t\t295 m&sup2; gebaut\t\t\t\t\t<\/li>\n\t\t\t\t\t\t\t\t\t<li class=\"d-flex align-items-center me-3\">\n\t\t\t\t\t\t1000 m&sup2; Grundst\u00fcck\t\t\t\t\t<\/li>\n\t\t\t\t\t\t\t<\/ul>\n\t\t\t\t<h4 class=\"card-title mb-0\">4-Zimmer-Villa mit Privatpool, Garten und Golfblick in Nueva Andaluc\u00eda. Minuten von Puerto Ban\u00fas. Homewatch 24\/7.<\/h4>\n\t\t\t<\/div>\n\t\t\n\t\t\t<a class=\"btn btn-inm mt-3\" href=\"\/vermietungen\/nueva-andalucia\/villen\/249\">\n\t\t\t\tEinzelheiten\t\t\t<\/a>\n\t\t<\/div>\n\t\t\n\t<\/figcaption>\n<\/figure>\t\t\t\t\t<figure class=\"f-carousel__slide w-100\">\n\t<picture class=\"ratio ratio-22x9\"><source width=\"1920\" height=\"820\" srcset=\"https:\/\/media.inmobalia.com\/imgV1\/B8vEv5Xh_VThvnEjxhD75NTxENL_gyEe7vPe48dZOyyFqlebtIyk9t9LLwj8Y4NTj5WNUf3WnXaBfHMAAV3bbqnw0irLlm3dv8jvujrkwTmotzhUTrSLdanQw9AC32QUfAxKl~nfKvSK4A3Pk6TnSu9wEqVJtU2sc7lrPa7eRlrb0H9X7eHrd718_eUfyeo-.jpg 1920w\" type=\"image\/webp\"><img loading=\"lazy\" decoding=\"async\" class=\"w-100 h-100 image-fit\" alt=\"Luxus 3-Zimmer Duplex am Strand mit privatem Pool in La Cala de Mijas\" width=\"1920\" height=\"820\" src=\"https:\/\/media.inmobalia.com\/imgV1\/B8vEv5Xh_VThvnEjxhD78~quzr11sUhaBVZefFgpxu6I8sIlAIbFkUhZg_OemxsAzVz9fvVFTCM6GZd11mvpENiPQYl~hWlHQQ5_zOgdz3WJ_bY3CCQjtbv1rN8WuKga3pPoKTlArGK8lpvOScrFrta5S9s~T9pQPJ7_4FU_gw--.jpg\"><\/picture>\t<figcaption class=\"hero-text align-end p-4\">\n\t\t\t\t<div class=\"d-flex align-items-end flex-nowrap justify-content-between\">\n\t\t\t<div class=\"d-flex flex-column\">\n\t\t\t\t<span class=\"d-block card-area\">\n\t\t\t\t\tTorrenueva\t\t\t\t<\/span>\n\t\t\t\t\n\n\t\t\t<div class=\"card-price d-flex flex-column\">\n\t\t<strong class=\"me-1\">Von <span data-original-price=\"210\">210\u00a0\u20ac<\/span><span data-period> pro tag <\/span><\/strong>\t\t<\/div>\n\t\n\t\t\t\t<ul class=\"card-features list-unstyled d-flex flex-wrap align-items-center mb-0\">\n\t\t\t\t\t\t\t\t\t<li class=\"d-flex align-items-center me-3\">\n\t\t\t\t\t\t3 Schlafzimmer\t\t\t\t\t<\/li>\n\t\t\t\t\t\t\t\t\t<li class=\"d-flex align-items-center me-3\">\n\t\t\t\t\t\t3 Badezimmer\t\t\t\t\t<\/li>\n\t\t\t\t\t\t\t\t\t<li class=\"d-flex align-items-center me-3\">\n\t\t\t\t\t\t321 m&sup2; gebaut\t\t\t\t\t<\/li>\n\t\t\t\t\t\t\t\t\t<li class=\"d-flex align-items-center me-3\">\n\t\t\t\t\t\t928 m&sup2; Grundst\u00fcck\t\t\t\t\t<\/li>\n\t\t\t\t\t\t\t<\/ul>\n\t\t\t\t<h4 class=\"card-title mb-0\">Luxus 3-Zimmer Duplex am Strand mit privatem Pool in La Cala de Mijas<\/h4>\n\t\t\t<\/div>\n\t\t\n\t\t\t<a class=\"btn btn-inm mt-3\" href=\"\/vermietungen\/torrenueva\/villen\/240\">\n\t\t\t\tEinzelheiten\t\t\t<\/a>\n\t\t<\/div>\n\t\t\n\t<\/figcaption>\n<\/figure>\t\t\t\t\t<figure class=\"f-carousel__slide w-100\">\n\t<picture class=\"ratio ratio-22x9\"><source width=\"1920\" height=\"820\" srcset=\"https:\/\/media.inmobalia.com\/imgV1\/B8vEv5Xh_VThvnEjxhD75NTxENL_gyEe7vPe48dZOyyFqlebtIyk9t9LLwj8Y4NTj5WNUf3WnXaBfHMAAV3bbqnw0irLlm3dv8jvujrkwTmotzhUTrSLdanQw9AC32QUfAxKkPd2~RckHpUjU3rkyCgd9F80eozaOMuit6_NXhfAADxkfY~SslR7vtkLieY-.jpg 1920w\" type=\"image\/webp\"><img loading=\"lazy\" decoding=\"async\" class=\"w-100 h-100 image-fit\" alt=\"Luxus-Duplex-Villa mit 6 Schlafzimmern, privatem Pool und Golfblick in La Zagaleta\" width=\"1920\" height=\"820\" src=\"https:\/\/media.inmobalia.com\/imgV1\/B8vEv5Xh_VThvnEjxhD78~quzr11sUhaBVZefFgpxu6I8sIlAIbFkUhZg_OemxsAzVz9fvVFTCM6GZd11mvpENiPQYl~hWlHQQ5_zOgdz3WJ_bYwZNf6GuzkhnYm1pl0AGEzm6N7qv3RoibnWBD9aYfHInnjTflrMiLIZpblNw--.jpg\"><\/picture>\t<figcaption class=\"hero-text align-end p-4\">\n\t\t\t\t<div class=\"d-flex align-items-end flex-nowrap justify-content-between\">\n\t\t\t<div class=\"d-flex flex-column\">\n\t\t\t\t<span class=\"d-block card-area\">\n\t\t\t\t\tLa Zagaleta\t\t\t\t<\/span>\n\t\t\t\t\n\n\t\t\t<div class=\"card-price d-flex flex-column\">\n\t\t<strong class=\"me-1\">Von <span data-original-price=\"1100\">1.100\u00a0\u20ac<\/span><span data-period> pro tag <\/span><\/strong>\t\t<\/div>\n\t\n\t\t\t\t<ul class=\"card-features list-unstyled d-flex flex-wrap align-items-center mb-0\">\n\t\t\t\t\t\t\t\t\t<li class=\"d-flex align-items-center me-3\">\n\t\t\t\t\t\t6 Schlafzimmer\t\t\t\t\t<\/li>\n\t\t\t\t\t\t\t\t\t<li class=\"d-flex align-items-center me-3\">\n\t\t\t\t\t\t6 Badezimmer\t\t\t\t\t<\/li>\n\t\t\t\t\t\t\t\t\t<li class=\"d-flex align-items-center me-3\">\n\t\t\t\t\t\t1519 m&sup2; gebaut\t\t\t\t\t<\/li>\n\t\t\t\t\t\t\t\t\t<li class=\"d-flex align-items-center me-3\">\n\t\t\t\t\t\t5840 m&sup2; Grundst\u00fcck\t\t\t\t\t<\/li>\n\t\t\t\t\t\t\t<\/ul>\n\t\t\t\t<h4 class=\"card-title mb-0\">Luxus-Duplex-Villa mit 6 Schlafzimmern, privatem Pool und Golfblick in La Zagaleta<\/h4>\n\t\t\t<\/div>\n\t\t\n\t\t\t<a class=\"btn btn-inm mt-3\" href=\"\/vermietungen\/la-zagaleta\/villen\/229\">\n\t\t\t\tEinzelheiten\t\t\t<\/a>\n\t\t<\/div>\n\t\t\n\t<\/figcaption>\n<\/figure>\t\t\t\t\t\t\t\t\t<\/div>\n\t\t\t\t\t\t\t\t<div class=\"text-center\">\n\t\t\t\t\t<a class=\"btn btn-inm mt-2 mt-lg-5\" href=\"https:\/\/www.homewatch.es\/vermietungen\/villen\">MORE VILLAS FOR RENT<\/a>\n\t\t\t\t<\/div>\n\t\t\t\t\t\t\t<\/section>\n\t\n\n\n\n<section class=\"card-image-links container-fluid max-width d-flex flex-wrap mt-5 mt-lg-7 mt-xxl-10\">\n\t<div class=\"card-text px-lg-5 px-xxl-7\">\n\t\t<h2 class=\"h1 mb-4\"> Unsere Dienstleistungen<\/h2><p class=\"mb-0\">Kommen Sie nach Marbella in den Urlaub? Haben Sie eine Immobilie an der Costa del Sol und m\u00f6chten das Beste daraus machen? M\u00f6chten Sie eine neue Immobilie in Marbella und Umgebung kaufen, um dort zu leben oder als Investition? Wir sagen Ihnen, wie wir Ihnen helfen k\u00f6nnen. Homewatch Marbella verf\u00fcgt \u00fcber ein Team, das auf Immobilienverwaltung spezialisiert ist. Mit \u00fcber 40 Jahren Erfahrung ist unser Ziel Ihr Frieden, Gl\u00fcck und Fortschritt. Denn gemeinsam sind wir st\u00e4rker.<\/p>\n\t<\/div>\n\t<article class=\"card-image\">\n\t<figure class=\"position-relative mb-0\">\n\t\t<a class=\"d-block text-decoration-none w-100 h-100\" href=\"https:\/\/www.homewatch.es\/de\/dienstleistungen\/mieter\" title=\"Ich komme in den Ferien nach Marbella.\">\n\t\t\t<picture><source width=\"300\" height=\"400\" srcset=\"https:\/\/media.inmobalia.com\/imgV1\/B8vEv5Xh_5GuTYKbhFfe~tryEQ701Sp0ejy66XMsUMxcB3LHkDlW~LHj3BzP9L1k8w_xfIn18c8HFXQZTSs2db4WTDcM~7vX0wk3sOle0Vbzgc3WouoND5LOc4dr6bG2oF6gFRLkNfI~V47OSDNryOd_wh8-.jpg 300w\" type=\"image\/webp\"><img loading=\"lazy\" decoding=\"async\" class=\"image-fit\" width=\"300\" height=\"400\" src=\"https:\/\/media.inmobalia.com\/imgV1\/B8vEv5Xh_5GuTYKbhFfJYWehvaOcCG_lhebewA~gSNoVX_fusNnFNA7J6aqiY9j1lDXeeYZjupvdERxKPUgYX6GxjGQmmFL29Ad7aibMWh3pF0eH~KU~~G80T8FMm0C~o8ZJaw--.jpg\"><\/picture>\t\t\t<figcaption class=\"position-relative p-4 fw-bold fs-4 text-white\">\n\t\t\t\t<h3 class=\"h4 mb-0\">Ich komme in den Ferien nach Marbella.<\/h3>\n\t\t\t<\/figcaption>\n\t\t<\/a>\n\t<\/figure>\n<\/article>\n<article class=\"card-image\">\n\t<figure class=\"position-relative mb-0\">\n\t\t<a class=\"d-block text-decoration-none w-100 h-100\" href=\"https:\/\/www.homewatch.es\/de\/dienstleistungen\/diensleistungen-fur-eigentumer\/immobilienverwaltung\" title=\" Ich bin ein Hausbesitzer in Marbella und m\u00f6chte mehr Einnahmen erzielen.\">\n\t\t\t<picture><source width=\"300\" height=\"400\" srcset=\"https:\/\/media.inmobalia.com\/imgV1\/B8vEv5Xh_5GuTYKbhFfe~tryEQ701Sp0ejy66XMsUMxcB3LHkDlW~LHj3BzP9L1k8w_xfIn18c8HFXQZTSs2db4WTDcM~7vX0wk3sOle0Vbzgc3WouoNDsoc8OlWV3WCVJ9Ux2df4f5rjxsS6vCpaadKfqPRMqHU73XwbLt~.jpg 300w\" type=\"image\/webp\"><img loading=\"lazy\" decoding=\"async\" class=\"image-fit\" alt=\"Playa de los Monteros, Marbella\" width=\"300\" height=\"400\" src=\"https:\/\/media.inmobalia.com\/imgV1\/B8vEv5Xh_5GuTYKbhFfJYWehvaOcCG_lhebewA~gSNoVX_fusNnFNA7J6aqiY9j1lDXeeYZjupvdERxKPUgYX6GxjGQmmFL3edV_cQpe6khokY58qtAB7o2lk147oTmnzOqt4qUIkjcx7TYppQ4-.jpg\"><\/picture>\t\t\t<figcaption class=\"position-relative p-4 fw-bold fs-4 text-white\">\n\t\t\t\t<h3 class=\"h4 mb-0\"> Ich bin ein Hausbesitzer in Marbella und m\u00f6chte mehr Einnahmen erzielen.<\/h3>\n\t\t\t<\/figcaption>\n\t\t<\/a>\n\t<\/figure>\n<\/article>\n<article class=\"card-image\">\n\t<figure class=\"position-relative mb-0\">\n\t\t<a class=\"d-block text-decoration-none w-100 h-100\" href=\"https:\/\/www.homewatch.es\/de\/dienstleistungen\/diensleistungen-fur-eigentumer\/optimise-investment\" title=\" Ich m\u00f6chte investieren und das Homewatch-Leben in Marbella genie\u00dfen.\">\n\t\t\t<picture><source width=\"300\" height=\"400\" srcset=\"https:\/\/media.inmobalia.com\/imgV1\/B8vEv5Xh_5GuTYKbhFfe~tryEQ701Sp0ejy66XMsUMxcB3LHkDlW~LHj3BzP9L1k8w_xfIn18c8HFXQZTSs2db4WTDcM~7vX0wk3sOle0Vbzgc3WouoND5LOdn4bS_aK_KVSajZfz~YS798b28g-.jpg 300w\" type=\"image\/webp\"><img loading=\"lazy\" decoding=\"async\" class=\"image-fit\" width=\"300\" height=\"400\" src=\"https:\/\/media.inmobalia.com\/imgV1\/B8vEv5Xh_5GuTYKbhFfJYWehvaOcCG_lhebewA~gSNoVX_fusNnFNA7J6aqiY9j1lDXeeYZjupvdERxKPUgYX6GxjGQmmFL29Ad_mqfEJXi3HmhESdtuL90ShjCGOw--.jpg\"><\/picture>\t\t\t<figcaption class=\"position-relative p-4 fw-bold fs-4 text-white\">\n\t\t\t\t<h3 class=\"h4 mb-0\"> Ich m\u00f6chte investieren und das Homewatch-Leben in Marbella genie\u00dfen.<\/h3>\n\t\t\t<\/figcaption>\n\t\t<\/a>\n\t<\/figure>\n<\/article>\n<\/section>\n\n\n<section class=\"container-fluid max-width d-flex flex-column align-items-start align-items-lg-center mt-5 mt-lg-7 mt-xxl-10\">\n\t\t<div class=\"col-xl-6 mb-4 mb-lg-5\">\n\t\t<h2 class=\"h1 text-md-center mb-4\">Der Marbella, den wir lieben: Unser Blog<\/h2><p class=\"text-md-center mb-0 mx-auto\"><br \/>\r\nBegleiten Sie uns auf einer Reise durch das Herz von Marbella, wo jede Stra\u00dfenecke eine Geschichte erz\u00e4hlt<\/p>\t<\/div>\n\t\t<div class=\"row w-100 row-cols-1 row-cols-md-2 row-cols-xxl-4\">\n\t\t\t\t<article class=\"col blog-item gy-4\">\n\t\t\t<div class=\"position-relative h-100 d-flex flex-column\">\n\t\t\t\t<picture class=\"ratio ratio-1x1\"><source width=\"868\" height=\"488\" srcset=\"https:\/\/media.inmobalia.com\/imgV1\/B8vEv5Xh8DS9rnERuBEA9cCG6HyaDpGtazXt7GVmSD96uwsZF76O2oJFN4Dq5E6Kg4yW1NM2TCktg1JD0_Y8FXh8PkazxOfT9cRoTA07EGjFKTTXjo1vzviw2u_aGZ2UaQ7Vpw--.jpg 868w\" type=\"image\/webp\"><img loading=\"lazy\" decoding=\"async\" class=\"image-fit\" alt=\"Cabopino\" width=\"868\" height=\"488\" src=\"https:\/\/media.inmobalia.com\/imgV1\/B8vEv5Xh8DS9rnERuBEXSoCsxmDHOjWb~TDUXqMu3izUBUQ9H1I9FiiIxqj5kf2r80LYnK_quhcLPnbvDsFq~ZANrSTeP5bNUE5LIHoVSPXE7PSi.jpg\"><\/picture>\t\t\t\t<div class=\"blog-item__text h-100 d-flex flex-column mt-4\">\n\t\t\t\t\t<h3 class=\"h6 blog-item-title mb-3\">\n\t\t\t\t\t\t<a class=\"stretched-link text-black\" href=\"https:\/\/www.homewatch.es\/de\/6957-cabopino-un-paraiso-natural-en-marbella\">Cabopino, ein au\u00dfergew\u00f6hnliches Naturparadies in Marbella<\/a>\n\t\t\t\t\t<\/h3>\n\t\t\t\t\t\t\t\t\t\t<span class=\"btn btn-link align-self-start fw-bold p-0\">Mehr lesen<\/span>\n\t\t\t\t<\/div>\n\t\t\t<\/div>\n\t\t<\/article>\n\t\t\t\t<article class=\"col blog-item gy-4\">\n\t\t\t<div class=\"position-relative h-100 d-flex flex-column\">\n\t\t\t\t<picture class=\"ratio ratio-1x1\"><source width=\"868\" height=\"488\" srcset=\"https:\/\/media.inmobalia.com\/imgV1\/B8vEv5Xh8DS9rnERuBEA9cCG6HyaDpGtazXt7GVmSD96uwsZF76O2oJFN4Dq5E6Kg4yW1NM2TCktg1JD0_Y8FXh8PkazxOfT9cRoTA07EGjFKTTXjo1vzvn_wavR4AjUCKiLgQ--.png 868w\" type=\"image\/webp\"><img loading=\"lazy\" decoding=\"async\" class=\"image-fit\" width=\"868\" height=\"488\" src=\"https:\/\/media.inmobalia.com\/imgV1\/B8vEv5Xh8DS9rnERuBEA9cCG7NDYXkwUOOGQoqjCU9qryamW1RSk~g4oZYxSA9SsRM2jSFmtPk5ATSZNeQ2SUohtR6i~horAPPmcl8O3pYmwXqZScSrJynTnFsXr.png\"><\/picture>\t\t\t\t<div class=\"blog-item__text h-100 d-flex flex-column mt-4\">\n\t\t\t\t\t<h3 class=\"h6 blog-item-title mb-3\">\n\t\t\t\t\t\t<a class=\"stretched-link text-black\" href=\"https:\/\/www.homewatch.es\/de\/6910-investieren-an-der-costa-del-sol\">Die besten regionen f\u00fcr immobilien investieren an der Costa del Sol: Ihr leitfaden f\u00fcr<\/a>\n\t\t\t\t\t<\/h3>\n\t\t\t\t\t\t\t\t\t\t<span class=\"btn btn-link align-self-start fw-bold p-0\">Mehr lesen<\/span>\n\t\t\t\t<\/div>\n\t\t\t<\/div>\n\t\t<\/article>\n\t\t\t\t<article class=\"col blog-item gy-4\">\n\t\t\t<div class=\"position-relative h-100 d-flex flex-column\">\n\t\t\t\t<picture class=\"ratio ratio-1x1\"><source width=\"868\" height=\"488\" srcset=\"https:\/\/media.inmobalia.com\/imgV1\/B8vEv5Xh8DS9rnERuBEA9cCG6HyaDpGtazXt7GVmSD96uwsZF76O2oJFN4Dq5E6Kg4yW1NM2TCktg1JD0_Y8FXh8PkazxOfT9cRoTA07EGjFKTTXjo1vzvn_lRRMV3TE.png 868w\" type=\"image\/webp\"><img loading=\"lazy\" decoding=\"async\" class=\"image-fit\" width=\"868\" height=\"488\" src=\"https:\/\/media.inmobalia.com\/imgV1\/B8vEv5Xh8DS9rnERuBEA9cCG7NDYXkwUOOGQoqjCU9qryamW1RSk~g4oZYxSA9SsRM2jSFmtPk5ATSZNeQ2SUohtR6i~horAPPmcl8O3pYmwXqYG4M8EQJo-.png\"><\/picture>\t\t\t\t<div class=\"blog-item__text h-100 d-flex flex-column mt-4\">\n\t\t\t\t\t<h3 class=\"h6 blog-item-title mb-3\">\n\t\t\t\t\t\t<a class=\"stretched-link text-black\" href=\"https:\/\/www.homewatch.es\/de\/6884-digitale-nomaden-in-spanien\">Digitale nomaden in Spanien: leben, arbeiten und genie\u00dfen an der Costa del Sol<\/a>\n\t\t\t\t\t<\/h3>\n\t\t\t\t\t\t\t\t\t\t<span class=\"btn btn-link align-self-start fw-bold p-0\">Mehr lesen<\/span>\n\t\t\t\t<\/div>\n\t\t\t<\/div>\n\t\t<\/article>\n\t\t\t\t<article class=\"col blog-item gy-4\">\n\t\t\t<div class=\"position-relative h-100 d-flex flex-column\">\n\t\t\t\t<picture class=\"ratio ratio-1x1\"><source width=\"868\" height=\"488\" srcset=\"https:\/\/media.inmobalia.com\/imgV1\/B8vEv5Xh8DS9rnERuBEA9cCG6HyaDpGtazXt7GVmSD96uwsZF76O2oJFN4Dq5E6Kg4yW1NM2TCktg1JD0_Y8FXh8PkazxOfT9cRoTA07EGjFKTTXjo1vzvn_l7Mnpow_.png 868w\" type=\"image\/webp\"><img loading=\"lazy\" decoding=\"async\" class=\"image-fit\" width=\"868\" height=\"488\" src=\"https:\/\/media.inmobalia.com\/imgV1\/B8vEv5Xh8DS9rnERuBEA9cCG7NDYXkwUOOGQoqjCU9qryamW1RSk~g4oZYxSA9SsRM2jSFmtPk5ATSZNeQ2SUohtR6i~horAPPmcl8O3pYmwXqYEdJoAIlw-.png\"><\/picture>\t\t\t\t<div class=\"blog-item__text h-100 d-flex flex-column mt-4\">\n\t\t\t\t\t<h3 class=\"h6 blog-item-title mb-3\">\n\t\t\t\t\t\t<a class=\"stretched-link text-black\" href=\"https:\/\/www.homewatch.es\/de\/6854-verkaufen-oder-vermieten\">Verkaufen oder vermieten? Eine Immobilie an der Costa del Sol optimal nutzen<\/a>\n\t\t\t\t\t<\/h3>\n\t\t\t\t\t\t\t\t\t\t<span class=\"btn btn-link align-self-start fw-bold p-0\">Mehr lesen<\/span>\n\t\t\t\t<\/div>\n\t\t\t<\/div>\n\t\t<\/article>\n\t\t\t<\/div>\n\t\t<a class=\"btn btn-inm mt-4 mt-lg-5\" href=\"https:\/\/www.homewatch.es\/de\/blog\">Lesen Sie unseren Blog<\/a>\n\t<\/section>\n","protected":false},"excerpt":{"rendered":"","protected":false},"author":2,"featured_media":3552,"parent":0,"menu_order":1,"comment_status":"closed","ping_status":"closed","template":"template-pages\/page-landing.php","meta":{"_acf_changed":true,"footnotes":""},"class_list":["post-1406","page","type-page","status-publish","has-post-thumbnail","hentry"],"acf":[],"_links":{"self":[{"href":"https:\/\/www.homewatch.es\/de\/wp-json\/wp\/v2\/pages\/1406","targetHints":{"allow":["GET"]}}],"collection":[{"href":"https:\/\/www.homewatch.es\/de\/wp-json\/wp\/v2\/pages"}],"about":[{"href":"https:\/\/www.homewatch.es\/de\/wp-json\/wp\/v2\/types\/page"}],"author":[{"embeddable":true,"href":"https:\/\/www.homewatch.es\/de\/wp-json\/wp\/v2\/users\/2"}],"replies":[{"embeddable":true,"href":"https:\/\/www.homewatch.es\/de\/wp-json\/wp\/v2\/comments?post=1406"}],"version-history":[{"count":0,"href":"https:\/\/www.homewatch.es\/de\/wp-json\/wp\/v2\/pages\/1406\/revisions"}],"wp:featuredmedia":[{"embeddable":true,"href":"https:\/\/www.homewatch.es\/de\/wp-json\/wp\/v2\/media\/3552"}],"wp:attachment":[{"href":"https:\/\/www.homewatch.es\/de\/wp-json\/wp\/v2\/media?parent=1406"}],"curies":[{"name":"wp","href":"https:\/\/api.w.org\/{rel}","templated":true}]}}